{"id":26,"date":"2026-05-29T15:19:49","date_gmt":"2026-05-29T15:19:49","guid":{"rendered":"https:\/\/camelrideslajares.com\/preise\/"},"modified":"2026-07-06T17:33:23","modified_gmt":"2026-07-06T17:33:23","slug":"paseo-en-camello","status":"publish","type":"page","link":"https:\/\/camelrideslajares.com\/es\/kameltour\/","title":{"rendered":"Paseo en camello"},"content":{"rendered":"<div class=\"wp-block-group alignfull is-style-ext-preset--group--natural-1--section has-background-background-color has-background has-global-padding is-layout-constrained wp-container-core-group-is-layout-0fa1b86d wp-block-group-is-layout-constrained\" id=\"preise\" style=\"margin-top:0;margin-bottom:0;padding-top:var(--wp--preset--spacing--70);padding-bottom:var(--wp--preset--spacing--70)\">\n<h2 class=\"wp-block-heading has-text-align-center ext-animate--on\">El tour de camellos que elijas<\/h2>\n\n\n\n<div class=\"wp-block-group ext-animate--on has-global-padding is-layout-constrained wp-block-group-is-layout-constrained\">\n<div class=\"wp-block-columns ext-animate--on is-layout-flex wp-container-core-columns-is-layout-cb0a7ccb wp-block-columns-is-layout-flex\">\n<div class=\"wp-block-column ext-animate--on is-layout-flow wp-block-column-is-layout-flow\" style=\"flex-basis:100%\">\n<div class=\"wp-block-columns ext-animate--on is-layout-flex wp-container-core-columns-is-layout-cb0a7ccb wp-block-columns-is-layout-flex\">\n<div class=\"wp-block-column is-layout-flow wp-block-column-is-layout-flow\">\n<h3 class=\"wp-block-heading ext-animate--on\">Paseo en camello por Calder\u00f3n Hondo<br><\/h3>\n\n\n\n<h6 class=\"wp-block-heading ext-animate--on\">Aproximadamente 30 minutos de paseo en camello en Calderon Hondo, Fuerteventura<\/h6>\n\n\n\n<p class=\"ext-animate--on wp-block-paragraph\">Disfruta de nuestra relajante excursi\u00f3n en camello de 30 minutos en el famoso Calder\u00f3n Hondo y descubre el paisaje volc\u00e1nico \u00fanico de Fuerteventura de una manera muy especial.<\/p>\n\n\n\n<p class=\"ext-animate--on wp-block-paragraph\">Este tour incomparable es ideal para familias, ni\u00f1os, parejas y cualquiera que quiera experimentar la aut\u00e9ntica sensaci\u00f3n de un paseo en camello.<\/p>\n\n\n\n<p class=\"ext-animate--on wp-block-paragraph\">Durante el paseo, disfrutar\u00e1s de unas vistas preciosas de la naturaleza y del entorno \u00fanico del volc\u00e1n. Nuestro gu\u00eda acompa\u00f1a la excursi\u00f3n con gran pasi\u00f3n, contando historias interesantes e informaci\u00f3n sobre los camellos canarios y su papel tradicional en Fuerteventura en la agricultura. <\/p>\n\n\n\n<p class=\"ext-animate--on wp-block-paragraph\">Una experiencia vacacional perfecta en Fuerteventura: tranquila, especial e inolvidable.<\/p>\n\n\n\n<p class=\"ext-animate--on wp-block-paragraph\">\u2013 30 minutos de paseo en camello<br>\u2013 Ideal para familias y ni\u00f1os<br>\u2013 Informaci\u00f3n interesante sobre los camellos canarios<br>\u2013 Impresionante paisaje volc\u00e1nico<br>\u2013 Calder\u00f3n Hondo, Fuerteventura<\/p>\n\n\n\n<div class=\"wp-block-buttons ext-animate--on is-layout-flex wp-block-buttons-is-layout-flex\">\n<div class=\"wp-block-button\"><a class=\"wp-block-button__link wp-element-button\" href=\"https:\/\/camelrideslajares.com\/es\/reservar-paseos-en-camello\/\"><strong>solo 15 \u20ac<\/strong><\/a><\/div>\n<\/div>\n<\/div>\n\n\n\n<div class=\"wp-block-column is-layout-flow wp-block-column-is-layout-flow\"><\/div>\n\n\n\n<div class=\"wp-block-column is-layout-flow wp-block-column-is-layout-flow\">\n<h3 class=\"wp-block-heading ext-animate--on\">Tour del Volc\u00e1n Calder\u00f3n Hondo<\/h3>\n\n\n\n<h6 class=\"wp-block-heading ext-animate--on\">Aprox. 120 minutos de tour. La aventura volc\u00e1nica \u00fanica en Fuerteventura.<\/h6>\n\n\n\n<p class=\"ext-animate--on wp-block-paragraph\"><br>Experimenta un inolvidable tour en camello por los volcanes de Fuerteventura y descubre el impresionante Calder\u00f3n Hondo de una manera especial. En un paseo en camello por el fascinante paisaje volc\u00e1nico de Fuerteventura.<\/p>\n\n\n\n<p class=\"ext-animate--on wp-block-paragraph\">La primera parte de nuestro recorrido comienza con un paseo tranquilo de aproximadamente 40 minutos cuesta arriba, durante el cual aprender\u00e1s todo lo que quieras saber sobre la importancia del camello en Fuerteventura. Al mismo tiempo, te dejar\u00e1s impresionar por la naturaleza especial que rodea el Calder\u00f3n Hondo.<\/p>\n\n\n\n<p class=\"ext-animate--on wp-block-paragraph\">En la segunda parte, tendr\u00e1s tiempo suficiente para explorar los \u00faltimos 900 metros a pie y visitar el espectacular cr\u00e1ter volc\u00e1nico con sus impresionantes vistas. mientras tanto, disfruta de una vista de la masa de tierra m\u00e1s reciente de Fuerteventura.<\/p>\n\n\n\n<p class=\"ext-animate--on wp-block-paragraph\">La tercera parte incluye el regreso a caballo juntos. Disfrutamos una vez m\u00e1s de la atm\u00f3sfera \u00fanica de este paisaje especial.<\/p>\n\n\n\n<p class=\"ext-animate--on wp-block-paragraph\">Durante todo el recorrido, nuestro experimentado gu\u00eda te contar\u00e1 apasionada y expertamente informaci\u00f3n fascinante sobre los camellos canarios, su historia en las islas y su especial importancia para la agricultura en Fuerteventura.<\/p>\n\n\n\n<p class=\"ext-animate--on wp-block-paragraph\">Nuestro gu\u00eda Nico espera tus preguntas. Este tour es perfecto para vacacionistas, familias, parejas, ni\u00f1os y aventureros de todas las edades que buscan una actividad excepcional en Fuerteventura.<\/p>\n\n\n\n<p class=\"ext-animate--on wp-block-paragraph\"><br>\u2013 aprox. 120 minutos de experiencias extraordinarias<br>\u2013 Paseo a caballo y visita al cr\u00e1ter<br>-Informaci\u00f3n emocionante sobre los camellos canarios<br>Paisaje volc\u00e1nico \u00fanico<br>\u2013 Calder\u00f3n Hondo, Fuerteventura<\/p>\n\n\n\n<div class=\"wp-block-buttons ext-animate--on is-layout-flex wp-block-buttons-is-layout-flex\">\n<div class=\"wp-block-button\"><a class=\"wp-block-button__link wp-element-button\" href=\"https:\/\/camelrideslajares.com\/es\/reservar-paseos-en-camello\/\"><strong>solo 39\u20ac<\/strong><\/a><\/div>\n<\/div>\n<\/div>\n<\/div>\n<\/div>\n<\/div>\n<\/div>\n<\/div>","protected":false},"excerpt":{"rendered":"<p>Die Kameltour deiner Wahl Calder\u00f3n Hondo Camel Ride ca. 30 Minuten Kamelreiten am Calderon Hondo auf Fuerteventura Genie\u00dfe unsere entspannten 30-min\u00fctige Kameltour am ber\u00fchmten Calder\u00f3n Hondo und entdecke die einzigartige [&hellip;]<\/p>\n","protected":false},"author":1,"featured_media":0,"parent":0,"menu_order":0,"comment_status":"closed","ping_status":"closed","template":"page-with-title","meta":{"_price":"","_stock":"","_tribe_ticket_header":"","_tribe_default_ticket_provider":"","_tribe_ticket_capacity":"0","_ticket_start_date":"","_ticket_end_date":"","_tribe_ticket_show_description":"","_tribe_ticket_show_not_going":false,"_tribe_ticket_use_global_stock":"","_tribe_ticket_global_stock_level":"","_global_stock_mode":"","_global_stock_cap":"","_tribe_rsvp_for_event":"","_tribe_ticket_going_count":"","_tribe_ticket_not_going_count":"","_tribe_tickets_list":"[]","_tribe_ticket_has_attendee_info_fields":false,"_EventAllDay":false,"_EventTimezone":"","_EventStartDate":"","_EventEndDate":"","_EventStartDateUTC":"","_EventEndDateUTC":"","_EventShowMap":false,"_EventShowMapLink":false,"_EventURL":"","_EventCost":"","_EventCostDescription":"","_EventCurrencySymbol":"","_EventCurrencyCode":"","_EventCurrencyPosition":"","_EventDateTimeSeparator":"","_EventTimeRangeSeparator":"","_EventOrganizerID":[],"_EventVenueID":[],"_OrganizerEmail":"","_OrganizerPhone":"","_OrganizerWebsite":"","_VenueAddress":"","_VenueCity":"","_VenueCountry":"","_VenueProvince":"","_VenueState":"","_VenueZip":"","_VenuePhone":"","_VenueURL":"","_VenueStateProvince":"","_VenueLat":"","_VenueLng":"","_VenueShowMap":false,"_VenueShowMapLink":false,"footnotes":"","_tec_slr_enabled":"","_tec_slr_layout":""},"class_list":["post-26","page","type-page","status-publish","hentry"],"yoast_head":"<!-- This site is optimized with the Yoast SEO plugin v28.3 - https:\/\/yoast.com\/product\/yoast-seo-wordpress\/ -->\n<title>Unsere Kameltour: Der perfekte Familienausflug auf Fuerteventura - Camel Rides Lajares<\/title>\n<meta name=\"description\" content=\"Kamelreiten auf Fuerteventura: Erlebe die Kameltour und erfahre spannende Informationen \u00fcber die kanarischen Kamele.\" \/>\n<meta name=\"robots\" content=\"index, follow, max-snippet:-1, max-image-preview:large, max-video-preview:-1\" \/>\n<link rel=\"canonical\" href=\"https:\/\/camelrideslajares.com\/es\/paseo-en-camello\/\" \/>\n<meta property=\"og:locale\" content=\"es_ES\" \/>\n<meta property=\"og:type\" content=\"article\" \/>\n<meta property=\"og:title\" content=\"Unsere Kameltour: Der perfekte Familienausflug auf Fuerteventura - Camel Rides Lajares\" \/>\n<meta property=\"og:description\" content=\"Kamelreiten auf Fuerteventura: Erlebe die Kameltour und erfahre spannende Informationen \u00fcber die kanarischen Kamele.\" \/>\n<meta property=\"og:url\" content=\"https:\/\/camelrideslajares.com\/es\/paseo-en-camello\/\" \/>\n<meta property=\"og:site_name\" content=\"Camel Rides Lajares\" \/>\n<meta property=\"article:publisher\" content=\"https:\/\/www.facebook.com\/Camelrideslajares\/\" \/>\n<meta property=\"article:modified_time\" content=\"2026-07-06T17:33:23+00:00\" \/>\n<meta property=\"og:image\" content=\"https:\/\/camelrideslajares.com\/wp-content\/uploads\/2026\/06\/LOGO.jpeg\" \/>\n\t<meta property=\"og:image:width\" content=\"1396\" \/>\n\t<meta property=\"og:image:height\" content=\"1127\" \/>\n\t<meta property=\"og:image:type\" content=\"image\/jpeg\" \/>\n<meta name=\"twitter:card\" content=\"summary_large_image\" \/>\n<meta name=\"twitter:label1\" content=\"Tiempo de lectura\" \/>\n\t<meta name=\"twitter:data1\" content=\"2 minutos\" \/>\n<script type=\"application\/ld+json\" class=\"yoast-schema-graph\">{\"@context\":\"https:\\\/\\\/schema.org\",\"@graph\":[{\"@type\":\"WebPage\",\"@id\":\"https:\\\/\\\/camelrideslajares.com\\\/kameltour\\\/\",\"url\":\"https:\\\/\\\/camelrideslajares.com\\\/kameltour\\\/\",\"name\":\"Unsere Kameltour: Der perfekte Familienausflug auf Fuerteventura - Camel Rides Lajares\",\"isPartOf\":{\"@id\":\"https:\\\/\\\/camelrideslajares.com\\\/#website\"},\"datePublished\":\"2026-05-29T15:19:49+00:00\",\"dateModified\":\"2026-07-06T17:33:23+00:00\",\"description\":\"Kamelreiten auf Fuerteventura: Erlebe die Kameltour und erfahre spannende Informationen \u00fcber die kanarischen Kamele.\",\"breadcrumb\":{\"@id\":\"https:\\\/\\\/camelrideslajares.com\\\/kameltour\\\/#breadcrumb\"},\"inLanguage\":\"es\",\"potentialAction\":[{\"@type\":\"ReadAction\",\"target\":[\"https:\\\/\\\/camelrideslajares.com\\\/kameltour\\\/\"]}]},{\"@type\":\"BreadcrumbList\",\"@id\":\"https:\\\/\\\/camelrideslajares.com\\\/kameltour\\\/#breadcrumb\",\"itemListElement\":[{\"@type\":\"ListItem\",\"position\":1,\"name\":\"Start\",\"item\":\"https:\\\/\\\/camelrideslajares.com\\\/\"},{\"@type\":\"ListItem\",\"position\":2,\"name\":\"Kameltour\"}]},{\"@type\":\"WebSite\",\"@id\":\"https:\\\/\\\/camelrideslajares.com\\\/#website\",\"url\":\"https:\\\/\\\/camelrideslajares.com\\\/\",\"name\":\"Camel Rides Lajares\",\"description\":\"Kamel Reiten auf Fuerteventura\",\"publisher\":{\"@id\":\"https:\\\/\\\/camelrideslajares.com\\\/#organization\"},\"alternateName\":\"Camel Rides\",\"potentialAction\":[{\"@type\":\"SearchAction\",\"target\":{\"@type\":\"EntryPoint\",\"urlTemplate\":\"https:\\\/\\\/camelrideslajares.com\\\/?s={search_term_string}\"},\"query-input\":{\"@type\":\"PropertyValueSpecification\",\"valueRequired\":true,\"valueName\":\"search_term_string\"}}],\"inLanguage\":\"es\"},{\"@type\":\"Organization\",\"@id\":\"https:\\\/\\\/camelrideslajares.com\\\/#organization\",\"name\":\"Camel Rides Lajares\",\"url\":\"https:\\\/\\\/camelrideslajares.com\\\/\",\"logo\":{\"@type\":\"ImageObject\",\"inLanguage\":\"es\",\"@id\":\"https:\\\/\\\/camelrideslajares.com\\\/#\\\/schema\\\/logo\\\/image\\\/\",\"url\":\"https:\\\/\\\/camelrideslajares.com\\\/wp-content\\\/uploads\\\/2026\\\/06\\\/LOGO.jpeg\",\"contentUrl\":\"https:\\\/\\\/camelrideslajares.com\\\/wp-content\\\/uploads\\\/2026\\\/06\\\/LOGO.jpeg\",\"width\":1396,\"height\":1127,\"caption\":\"Camel Rides Lajares\"},\"image\":{\"@id\":\"https:\\\/\\\/camelrideslajares.com\\\/#\\\/schema\\\/logo\\\/image\\\/\"},\"sameAs\":[\"https:\\\/\\\/www.facebook.com\\\/Camelrideslajares\\\/\",\"https:\\\/\\\/www.instagram.com\\\/camel_rides_lajares\\\/\"]}]}<\/script>\n<!-- \/ Yoast SEO plugin. -->","yoast_head_json":{"title":"Nuestro paseo en camello: La excursi\u00f3n familiar perfecta en Fuerteventura - Camel Rides Lajares","description":"Paseos en camello en Fuerteventura: Vive la excursi\u00f3n en camello y aprende informaci\u00f3n fascinante sobre los camellos canarios.","robots":{"index":"index","follow":"follow","max-snippet":"max-snippet:-1","max-image-preview":"max-image-preview:large","max-video-preview":"max-video-preview:-1"},"canonical":"https:\/\/camelrideslajares.com\/es\/paseo-en-camello\/","og_locale":"es_ES","og_type":"article","og_title":"Unsere Kameltour: Der perfekte Familienausflug auf Fuerteventura - Camel Rides Lajares","og_description":"Kamelreiten auf Fuerteventura: Erlebe die Kameltour und erfahre spannende Informationen \u00fcber die kanarischen Kamele.","og_url":"https:\/\/camelrideslajares.com\/es\/paseo-en-camello\/","og_site_name":"Camel Rides Lajares","article_publisher":"https:\/\/www.facebook.com\/Camelrideslajares\/","article_modified_time":"2026-07-06T17:33:23+00:00","og_image":[{"width":1396,"height":1127,"url":"https:\/\/camelrideslajares.com\/wp-content\/uploads\/2026\/06\/LOGO.jpeg","type":"image\/jpeg"}],"twitter_card":"summary_large_image","twitter_misc":{"Tiempo de lectura":"2 minutos"},"schema":{"@context":"https:\/\/schema.org","@graph":[{"@type":"WebPage","@id":"https:\/\/camelrideslajares.com\/kameltour\/","url":"https:\/\/camelrideslajares.com\/kameltour\/","name":"Nuestro paseo en camello: La excursi\u00f3n familiar perfecta en Fuerteventura - Camel Rides Lajares","isPartOf":{"@id":"https:\/\/camelrideslajares.com\/#website"},"datePublished":"2026-05-29T15:19:49+00:00","dateModified":"2026-07-06T17:33:23+00:00","description":"Paseos en camello en Fuerteventura: Vive la excursi\u00f3n en camello y aprende informaci\u00f3n fascinante sobre los camellos canarios.","breadcrumb":{"@id":"https:\/\/camelrideslajares.com\/kameltour\/#breadcrumb"},"inLanguage":"es","potentialAction":[{"@type":"ReadAction","target":["https:\/\/camelrideslajares.com\/kameltour\/"]}]},{"@type":"BreadcrumbList","@id":"https:\/\/camelrideslajares.com\/kameltour\/#breadcrumb","itemListElement":[{"@type":"ListItem","position":1,"name":"Start","item":"https:\/\/camelrideslajares.com\/"},{"@type":"ListItem","position":2,"name":"Kameltour"}]},{"@type":"WebSite","@id":"https:\/\/camelrideslajares.com\/#website","url":"https:\/\/camelrideslajares.com\/","name":"Paseos en camello Lajares","description":"Paseos en camello en Fuerteventura","publisher":{"@id":"https:\/\/camelrideslajares.com\/#organization"},"alternateName":"Camel Rides","potentialAction":[{"@type":"SearchAction","target":{"@type":"EntryPoint","urlTemplate":"https:\/\/camelrideslajares.com\/?s={search_term_string}"},"query-input":{"@type":"PropertyValueSpecification","valueRequired":true,"valueName":"search_term_string"}}],"inLanguage":"es"},{"@type":"Organization","@id":"https:\/\/camelrideslajares.com\/#organization","name":"Paseos en camello Lajares","url":"https:\/\/camelrideslajares.com\/","logo":{"@type":"ImageObject","inLanguage":"es","@id":"https:\/\/camelrideslajares.com\/#\/schema\/logo\/image\/","url":"https:\/\/camelrideslajares.com\/wp-content\/uploads\/2026\/06\/LOGO.jpeg","contentUrl":"https:\/\/camelrideslajares.com\/wp-content\/uploads\/2026\/06\/LOGO.jpeg","width":1396,"height":1127,"caption":"Camel Rides Lajares"},"image":{"@id":"https:\/\/camelrideslajares.com\/#\/schema\/logo\/image\/"},"sameAs":["https:\/\/www.facebook.com\/Camelrideslajares\/","https:\/\/www.instagram.com\/camel_rides_lajares\/"]}]}},"ticketed":false,"_links":{"self":[{"href":"https:\/\/camelrideslajares.com\/es\/wp-json\/wp\/v2\/pages\/26","targetHints":{"allow":["GET"]}}],"collection":[{"href":"https:\/\/camelrideslajares.com\/es\/wp-json\/wp\/v2\/pages"}],"about":[{"href":"https:\/\/camelrideslajares.com\/es\/wp-json\/wp\/v2\/types\/page"}],"author":[{"embeddable":true,"href":"https:\/\/camelrideslajares.com\/es\/wp-json\/wp\/v2\/users\/1"}],"replies":[{"embeddable":true,"href":"https:\/\/camelrideslajares.com\/es\/wp-json\/wp\/v2\/comments?post=26"}],"version-history":[{"count":161,"href":"https:\/\/camelrideslajares.com\/es\/wp-json\/wp\/v2\/pages\/26\/revisions"}],"predecessor-version":[{"id":584,"href":"https:\/\/camelrideslajares.com\/es\/wp-json\/wp\/v2\/pages\/26\/revisions\/584"}],"wp:attachment":[{"href":"https:\/\/camelrideslajares.com\/es\/wp-json\/wp\/v2\/media?parent=26"}],"curies":[{"name":"wp","href":"https:\/\/api.w.org\/{rel}","templated":true}]}}