{"id":26,"date":"2026-05-29T15:19:49","date_gmt":"2026-05-29T15:19:49","guid":{"rendered":"https:\/\/camelrideslajares.com\/preise\/"},"modified":"2026-07-06T17:33:23","modified_gmt":"2026-07-06T17:33:23","slug":"excursion-a-dos-de-chameau","status":"publish","type":"page","link":"https:\/\/camelrideslajares.com\/fr\/kameltour\/","title":{"rendered":"Balade \u00e0 dos de chameau"},"content":{"rendered":"<div class=\"wp-block-group alignfull is-style-ext-preset--group--natural-1--section has-background-background-color has-background has-global-padding is-layout-constrained wp-container-core-group-is-layout-0fa1b86d wp-block-group-is-layout-constrained\" id=\"preise\" style=\"margin-top:0;margin-bottom:0;padding-top:var(--wp--preset--spacing--70);padding-bottom:var(--wp--preset--spacing--70)\">\n<h2 class=\"wp-block-heading has-text-align-center ext-animate--on\">La balade \u00e0 dos de chameau de votre choix<\/h2>\n\n\n\n<div class=\"wp-block-group ext-animate--on has-global-padding is-layout-constrained wp-block-group-is-layout-constrained\">\n<div class=\"wp-block-columns ext-animate--on is-layout-flex wp-container-core-columns-is-layout-cb0a7ccb wp-block-columns-is-layout-flex\">\n<div class=\"wp-block-column ext-animate--on is-layout-flow wp-block-column-is-layout-flow\" style=\"flex-basis:100%\">\n<div class=\"wp-block-columns ext-animate--on is-layout-flex wp-container-core-columns-is-layout-cb0a7ccb wp-block-columns-is-layout-flex\">\n<div class=\"wp-block-column is-layout-flow wp-block-column-is-layout-flow\">\n<h3 class=\"wp-block-heading ext-animate--on\">Balade \u00e0 dos de chameau Calder\u00f3n Hondo<br><\/h3>\n\n\n\n<h6 class=\"wp-block-heading ext-animate--on\">Environ 30 minutes de balade \u00e0 dos de chameau \u00e0 Calderon Hondo \u00e0 Fuerteventura<\/h6>\n\n\n\n<p class=\"ext-animate--on wp-block-paragraph\">Profitez de notre balade relaxante de 30 minutes \u00e0 dos de chameau au c\u00e9l\u00e8bre Calder\u00f3n Hondo et d\u00e9couvrez le paysage volcanique unique de Fuerteventura d'une mani\u00e8re toute particuli\u00e8re.<\/p>\n\n\n\n<p class=\"ext-animate--on wp-block-paragraph\">Cette excursion incomparable est id\u00e9ale pour les familles, les enfants, les couples et tous ceux qui souhaitent vivre l'exp\u00e9rience authentique d'une balade \u00e0 dos de chameau.<\/p>\n\n\n\n<p class=\"ext-animate--on wp-block-paragraph\">Pendant la balade \u00e0 cheval, vous profiterez de magnifiques vues sur la nature et sur l'environnement unique du volcan. Notre guide animera la visite avec passion, racontant des histoires int\u00e9ressantes et des informations sur les dromadaires des Canaries et leur r\u00f4le traditionnel \u00e0 Fuerteventura dans l'agriculture. <\/p>\n\n\n\n<p class=\"ext-animate--on wp-block-paragraph\">Une exp\u00e9rience de vacances parfaite \u00e0 Fuerteventura \u2013 calme, sp\u00e9ciale et inoubliable.<\/p>\n\n\n\n<p class=\"ext-animate--on wp-block-paragraph\">\u2013 30 minutes de balade \u00e0 dos de chameau<br>\u2013 Id\u00e9al pour les familles et les enfants<br>\u2013 Informations passionnantes sur les chameaux des Canaries<br>\u2013 Paysage volcanique \u00e9poustouflant<br>\u2013 Calder\u00f3n Hondo, Fuerteventura<\/p>\n\n\n\n<div class=\"wp-block-buttons ext-animate--on is-layout-flex wp-block-buttons-is-layout-flex\">\n<div class=\"wp-block-button\"><a class=\"wp-block-button__link wp-element-button\" href=\"https:\/\/camelrideslajares.com\/fr\/reserver-un-chameau-pour-monter\/\"><strong>seulement 15\u20ac<\/strong><\/a><\/div>\n<\/div>\n<\/div>\n\n\n\n<div class=\"wp-block-column is-layout-flow wp-block-column-is-layout-flow\"><\/div>\n\n\n\n<div class=\"wp-block-column is-layout-flow wp-block-column-is-layout-flow\">\n<h3 class=\"wp-block-heading ext-animate--on\">Visite du volcan Calder\u00f3n Hondo<\/h3>\n\n\n\n<h6 class=\"wp-block-heading ext-animate--on\">Environ 120 minutes. L'aventure volcanique unique \u00e0 Fuerteventura.<\/h6>\n\n\n\n<p class=\"ext-animate--on wp-block-paragraph\"><br>Vivez une exp\u00e9rience inoubliable de tour en chameau dans les volcans de Fuerteventura et d\u00e9couvrez le Calder\u00f3n Hondo impressionnant d'une mani\u00e8re sp\u00e9ciale. Lors d'une promenade \u00e0 dos de chameau \u00e0 travers le paysage volcanique fascinant de Fuerteventura.<\/p>\n\n\n\n<p class=\"ext-animate--on wp-block-paragraph\">La premi\u00e8re partie de notre excursion commence par une balade d\u00e9tendue d'environ 40 minutes en mont\u00e9e, durant laquelle vous apprendrez tout ce que vous voulez savoir sur l'importance du chameau \u00e0 Fuerteventura. Simultan\u00e9ment, laissez-vous impressionner par la nature unique qui entoure le Calder\u00f3n Hondo.<\/p>\n\n\n\n<p class=\"ext-animate--on wp-block-paragraph\">Dans la deuxi\u00e8me partie, vous aurez amplement le temps d'explorer les 900 derniers m\u00e8tres \u00e0 pied et de visiter le spectaculaire crat\u00e8re volcanique avec sa vue imprenable. Pendant ce temps, vous admirerez la r\u00e9cente masse terrestre de Fuerteventura.<\/p>\n\n\n\n<p class=\"ext-animate--on wp-block-paragraph\">Le troisi\u00e8me segment comprend le trajet de retour \u00e0 cheval. Nous savourons une fois de plus l'atmosph\u00e8re unique de ce paysage particulier.<\/p>\n\n\n\n<p class=\"ext-animate--on wp-block-paragraph\">Tout au long de la visite, notre guide exp\u00e9riment\u00e9 vous racontera avec passion et professionnalisme des informations passionnantes sur les chameaux des Canaries, leur histoire sur les \u00eeles ainsi que leur importance particuli\u00e8re pour l'agriculture \u00e0 Fuerteventura.<\/p>\n\n\n\n<p class=\"ext-animate--on wp-block-paragraph\">Notre guide Nico est impatient de r\u00e9pondre \u00e0 vos questions. Cette excursion est parfaite pour les vacanciers, les familles, les couples, les enfants et les aventuriers de tout \u00e2ge qui recherchent une activit\u00e9 hors du commun \u00e0 Fuerteventura.<\/p>\n\n\n\n<p class=\"ext-animate--on wp-block-paragraph\"><br>\u2013 env. 120 minutes d'exp\u00e9riences exceptionnelles<br>\u2013 Chevauch\u00e9e de chameaux et visite de crat\u00e8re<br>- Informations int\u00e9ressantes sur les chameaux des Canaries<br>Paysage volcanique unique<br>\u2013 Calder\u00f3n Hondo, Fuerteventura<\/p>\n\n\n\n<div class=\"wp-block-buttons ext-animate--on is-layout-flex wp-block-buttons-is-layout-flex\">\n<div class=\"wp-block-button\"><a class=\"wp-block-button__link wp-element-button\" href=\"https:\/\/camelrideslajares.com\/fr\/reserver-un-chameau-pour-monter\/\"><strong>seulement 39\u20ac<\/strong><\/a><\/div>\n<\/div>\n<\/div>\n<\/div>\n<\/div>\n<\/div>\n<\/div>\n<\/div>","protected":false},"excerpt":{"rendered":"<p>Die Kameltour deiner Wahl Calder\u00f3n Hondo Camel Ride ca. 30 Minuten Kamelreiten am Calderon Hondo auf Fuerteventura Genie\u00dfe unsere entspannten 30-min\u00fctige Kameltour am ber\u00fchmten Calder\u00f3n Hondo und entdecke die einzigartige [&hellip;]<\/p>\n","protected":false},"author":1,"featured_media":0,"parent":0,"menu_order":0,"comment_status":"closed","ping_status":"closed","template":"page-with-title","meta":{"_price":"","_stock":"","_tribe_ticket_header":"","_tribe_default_ticket_provider":"","_tribe_ticket_capacity":"0","_ticket_start_date":"","_ticket_end_date":"","_tribe_ticket_show_description":"","_tribe_ticket_show_not_going":false,"_tribe_ticket_use_global_stock":"","_tribe_ticket_global_stock_level":"","_global_stock_mode":"","_global_stock_cap":"","_tribe_rsvp_for_event":"","_tribe_ticket_going_count":"","_tribe_ticket_not_going_count":"","_tribe_tickets_list":"[]","_tribe_ticket_has_attendee_info_fields":false,"_EventAllDay":false,"_EventTimezone":"","_EventStartDate":"","_EventEndDate":"","_EventStartDateUTC":"","_EventEndDateUTC":"","_EventShowMap":false,"_EventShowMapLink":false,"_EventURL":"","_EventCost":"","_EventCostDescription":"","_EventCurrencySymbol":"","_EventCurrencyCode":"","_EventCurrencyPosition":"","_EventDateTimeSeparator":"","_EventTimeRangeSeparator":"","_EventOrganizerID":[],"_EventVenueID":[],"_OrganizerEmail":"","_OrganizerPhone":"","_OrganizerWebsite":"","_VenueAddress":"","_VenueCity":"","_VenueCountry":"","_VenueProvince":"","_VenueState":"","_VenueZip":"","_VenuePhone":"","_VenueURL":"","_VenueStateProvince":"","_VenueLat":"","_VenueLng":"","_VenueShowMap":false,"_VenueShowMapLink":false,"footnotes":"","_tec_slr_enabled":"","_tec_slr_layout":""},"class_list":["post-26","page","type-page","status-publish","hentry"],"yoast_head":"<!-- This site is optimized with the Yoast SEO plugin v28.3 - https:\/\/yoast.com\/product\/yoast-seo-wordpress\/ -->\n<title>Unsere Kameltour: Der perfekte Familienausflug auf Fuerteventura - Camel Rides Lajares<\/title>\n<meta name=\"description\" content=\"Kamelreiten auf Fuerteventura: Erlebe die Kameltour und erfahre spannende Informationen \u00fcber die kanarischen Kamele.\" \/>\n<meta name=\"robots\" content=\"index, follow, max-snippet:-1, max-image-preview:large, max-video-preview:-1\" \/>\n<link rel=\"canonical\" href=\"https:\/\/camelrideslajares.com\/fr\/excursion-a-dos-de-chameau\/\" \/>\n<meta property=\"og:locale\" content=\"fr_FR\" \/>\n<meta property=\"og:type\" content=\"article\" \/>\n<meta property=\"og:title\" content=\"Unsere Kameltour: Der perfekte Familienausflug auf Fuerteventura - Camel Rides Lajares\" \/>\n<meta property=\"og:description\" content=\"Kamelreiten auf Fuerteventura: Erlebe die Kameltour und erfahre spannende Informationen \u00fcber die kanarischen Kamele.\" \/>\n<meta property=\"og:url\" content=\"https:\/\/camelrideslajares.com\/fr\/excursion-a-dos-de-chameau\/\" \/>\n<meta property=\"og:site_name\" content=\"Camel Rides Lajares\" \/>\n<meta property=\"article:publisher\" content=\"https:\/\/www.facebook.com\/Camelrideslajares\/\" \/>\n<meta property=\"article:modified_time\" content=\"2026-07-06T17:33:23+00:00\" \/>\n<meta property=\"og:image\" content=\"https:\/\/camelrideslajares.com\/wp-content\/uploads\/2026\/06\/LOGO.jpeg\" \/>\n\t<meta property=\"og:image:width\" content=\"1396\" \/>\n\t<meta property=\"og:image:height\" content=\"1127\" \/>\n\t<meta property=\"og:image:type\" content=\"image\/jpeg\" \/>\n<meta name=\"twitter:card\" content=\"summary_large_image\" \/>\n<meta name=\"twitter:label1\" content=\"Dur\u00e9e de lecture estim\u00e9e\" \/>\n\t<meta name=\"twitter:data1\" content=\"2 minutes\" \/>\n<script type=\"application\/ld+json\" class=\"yoast-schema-graph\">{\"@context\":\"https:\\\/\\\/schema.org\",\"@graph\":[{\"@type\":\"WebPage\",\"@id\":\"https:\\\/\\\/camelrideslajares.com\\\/kameltour\\\/\",\"url\":\"https:\\\/\\\/camelrideslajares.com\\\/kameltour\\\/\",\"name\":\"Unsere Kameltour: Der perfekte Familienausflug auf Fuerteventura - Camel Rides Lajares\",\"isPartOf\":{\"@id\":\"https:\\\/\\\/camelrideslajares.com\\\/#website\"},\"datePublished\":\"2026-05-29T15:19:49+00:00\",\"dateModified\":\"2026-07-06T17:33:23+00:00\",\"description\":\"Kamelreiten auf Fuerteventura: Erlebe die Kameltour und erfahre spannende Informationen \u00fcber die kanarischen Kamele.\",\"breadcrumb\":{\"@id\":\"https:\\\/\\\/camelrideslajares.com\\\/kameltour\\\/#breadcrumb\"},\"inLanguage\":\"fr-FR\",\"potentialAction\":[{\"@type\":\"ReadAction\",\"target\":[\"https:\\\/\\\/camelrideslajares.com\\\/kameltour\\\/\"]}]},{\"@type\":\"BreadcrumbList\",\"@id\":\"https:\\\/\\\/camelrideslajares.com\\\/kameltour\\\/#breadcrumb\",\"itemListElement\":[{\"@type\":\"ListItem\",\"position\":1,\"name\":\"Start\",\"item\":\"https:\\\/\\\/camelrideslajares.com\\\/\"},{\"@type\":\"ListItem\",\"position\":2,\"name\":\"Kameltour\"}]},{\"@type\":\"WebSite\",\"@id\":\"https:\\\/\\\/camelrideslajares.com\\\/#website\",\"url\":\"https:\\\/\\\/camelrideslajares.com\\\/\",\"name\":\"Camel Rides Lajares\",\"description\":\"Kamel Reiten auf Fuerteventura\",\"publisher\":{\"@id\":\"https:\\\/\\\/camelrideslajares.com\\\/#organization\"},\"alternateName\":\"Camel Rides\",\"potentialAction\":[{\"@type\":\"SearchAction\",\"target\":{\"@type\":\"EntryPoint\",\"urlTemplate\":\"https:\\\/\\\/camelrideslajares.com\\\/?s={search_term_string}\"},\"query-input\":{\"@type\":\"PropertyValueSpecification\",\"valueRequired\":true,\"valueName\":\"search_term_string\"}}],\"inLanguage\":\"fr-FR\"},{\"@type\":\"Organization\",\"@id\":\"https:\\\/\\\/camelrideslajares.com\\\/#organization\",\"name\":\"Camel Rides Lajares\",\"url\":\"https:\\\/\\\/camelrideslajares.com\\\/\",\"logo\":{\"@type\":\"ImageObject\",\"inLanguage\":\"fr-FR\",\"@id\":\"https:\\\/\\\/camelrideslajares.com\\\/#\\\/schema\\\/logo\\\/image\\\/\",\"url\":\"https:\\\/\\\/camelrideslajares.com\\\/wp-content\\\/uploads\\\/2026\\\/06\\\/LOGO.jpeg\",\"contentUrl\":\"https:\\\/\\\/camelrideslajares.com\\\/wp-content\\\/uploads\\\/2026\\\/06\\\/LOGO.jpeg\",\"width\":1396,\"height\":1127,\"caption\":\"Camel Rides Lajares\"},\"image\":{\"@id\":\"https:\\\/\\\/camelrideslajares.com\\\/#\\\/schema\\\/logo\\\/image\\\/\"},\"sameAs\":[\"https:\\\/\\\/www.facebook.com\\\/Camelrideslajares\\\/\",\"https:\\\/\\\/www.instagram.com\\\/camel_rides_lajares\\\/\"]}]}<\/script>\n<!-- \/ Yoast SEO plugin. -->","yoast_head_json":{"title":"Notre tour des chameaux : L'excursion id\u00e9ale en famille \u00e0 Fuerteventura - Camel Rides Lajares","description":"Balade \u00e0 dos de chameau \u00e0 Fuerteventura : Vivez l'exp\u00e9rience de la tourn\u00e9e des chameaux et d\u00e9couvrez des informations passionnantes sur les chameaux des Canaries.","robots":{"index":"index","follow":"follow","max-snippet":"max-snippet:-1","max-image-preview":"max-image-preview:large","max-video-preview":"max-video-preview:-1"},"canonical":"https:\/\/camelrideslajares.com\/fr\/excursion-a-dos-de-chameau\/","og_locale":"fr_FR","og_type":"article","og_title":"Unsere Kameltour: Der perfekte Familienausflug auf Fuerteventura - Camel Rides Lajares","og_description":"Kamelreiten auf Fuerteventura: Erlebe die Kameltour und erfahre spannende Informationen \u00fcber die kanarischen Kamele.","og_url":"https:\/\/camelrideslajares.com\/fr\/excursion-a-dos-de-chameau\/","og_site_name":"Camel Rides Lajares","article_publisher":"https:\/\/www.facebook.com\/Camelrideslajares\/","article_modified_time":"2026-07-06T17:33:23+00:00","og_image":[{"width":1396,"height":1127,"url":"https:\/\/camelrideslajares.com\/wp-content\/uploads\/2026\/06\/LOGO.jpeg","type":"image\/jpeg"}],"twitter_card":"summary_large_image","twitter_misc":{"Dur\u00e9e de lecture estim\u00e9e":"2 minutes"},"schema":{"@context":"https:\/\/schema.org","@graph":[{"@type":"WebPage","@id":"https:\/\/camelrideslajares.com\/kameltour\/","url":"https:\/\/camelrideslajares.com\/kameltour\/","name":"Notre tour des chameaux : L'excursion id\u00e9ale en famille \u00e0 Fuerteventura - Camel Rides Lajares","isPartOf":{"@id":"https:\/\/camelrideslajares.com\/#website"},"datePublished":"2026-05-29T15:19:49+00:00","dateModified":"2026-07-06T17:33:23+00:00","description":"Balade \u00e0 dos de chameau \u00e0 Fuerteventura : Vivez l'exp\u00e9rience de la tourn\u00e9e des chameaux et d\u00e9couvrez des informations passionnantes sur les chameaux des Canaries.","breadcrumb":{"@id":"https:\/\/camelrideslajares.com\/kameltour\/#breadcrumb"},"inLanguage":"fr-FR","potentialAction":[{"@type":"ReadAction","target":["https:\/\/camelrideslajares.com\/kameltour\/"]}]},{"@type":"BreadcrumbList","@id":"https:\/\/camelrideslajares.com\/kameltour\/#breadcrumb","itemListElement":[{"@type":"ListItem","position":1,"name":"Start","item":"https:\/\/camelrideslajares.com\/"},{"@type":"ListItem","position":2,"name":"Kameltour"}]},{"@type":"WebSite","@id":"https:\/\/camelrideslajares.com\/#website","url":"https:\/\/camelrideslajares.com\/","name":"Balades \u00e0 dos de chameau Lajares","description":"Chevaux de Cam\u00e9lia \u00e0 Fuerteventura","publisher":{"@id":"https:\/\/camelrideslajares.com\/#organization"},"alternateName":"Camel Rides","potentialAction":[{"@type":"SearchAction","target":{"@type":"EntryPoint","urlTemplate":"https:\/\/camelrideslajares.com\/?s={search_term_string}"},"query-input":{"@type":"PropertyValueSpecification","valueRequired":true,"valueName":"search_term_string"}}],"inLanguage":"fr-FR"},{"@type":"Organization","@id":"https:\/\/camelrideslajares.com\/#organization","name":"Balades \u00e0 dos de chameau Lajares","url":"https:\/\/camelrideslajares.com\/","logo":{"@type":"ImageObject","inLanguage":"fr-FR","@id":"https:\/\/camelrideslajares.com\/#\/schema\/logo\/image\/","url":"https:\/\/camelrideslajares.com\/wp-content\/uploads\/2026\/06\/LOGO.jpeg","contentUrl":"https:\/\/camelrideslajares.com\/wp-content\/uploads\/2026\/06\/LOGO.jpeg","width":1396,"height":1127,"caption":"Camel Rides Lajares"},"image":{"@id":"https:\/\/camelrideslajares.com\/#\/schema\/logo\/image\/"},"sameAs":["https:\/\/www.facebook.com\/Camelrideslajares\/","https:\/\/www.instagram.com\/camel_rides_lajares\/"]}]}},"ticketed":false,"_links":{"self":[{"href":"https:\/\/camelrideslajares.com\/fr\/wp-json\/wp\/v2\/pages\/26","targetHints":{"allow":["GET"]}}],"collection":[{"href":"https:\/\/camelrideslajares.com\/fr\/wp-json\/wp\/v2\/pages"}],"about":[{"href":"https:\/\/camelrideslajares.com\/fr\/wp-json\/wp\/v2\/types\/page"}],"author":[{"embeddable":true,"href":"https:\/\/camelrideslajares.com\/fr\/wp-json\/wp\/v2\/users\/1"}],"replies":[{"embeddable":true,"href":"https:\/\/camelrideslajares.com\/fr\/wp-json\/wp\/v2\/comments?post=26"}],"version-history":[{"count":161,"href":"https:\/\/camelrideslajares.com\/fr\/wp-json\/wp\/v2\/pages\/26\/revisions"}],"predecessor-version":[{"id":584,"href":"https:\/\/camelrideslajares.com\/fr\/wp-json\/wp\/v2\/pages\/26\/revisions\/584"}],"wp:attachment":[{"href":"https:\/\/camelrideslajares.com\/fr\/wp-json\/wp\/v2\/media?parent=26"}],"curies":[{"name":"wp","href":"https:\/\/api.w.org\/{rel}","templated":true}]}}